{"id":155,"date":"2017-07-11T13:48:43","date_gmt":"2017-07-11T13:48:43","guid":{"rendered":"https:\/\/cs5arla.com\/site\/?page_id=155"},"modified":"2024-04-16T11:42:53","modified_gmt":"2024-04-16T11:42:53","slug":"historial","status":"publish","type":"page","link":"https:\/\/www.cs5arla.pt\/site\/historial\/","title":{"rendered":"Historial"},"content":{"rendered":"<p>Historial sum\u00e1rio das principais actividades e acontecimentos da A.R.L.A. (1999 &#8211; presente)<\/p>\n\n<table id=\"tablepress-5\" class=\"tablepress tablepress-id-5\">\n<thead>\n<tr class=\"row-1\">\n\t<th class=\"column-1\">Data<\/th><th class=\"column-2\">Actividade ou acontecimento<\/th>\n<\/tr>\n<\/thead>\n<tbody class=\"row-striping row-hover\">\n<tr class=\"row-2\">\n\t<td class=\"column-1\">04.04.1999<\/td><td class=\"column-2\">Reuni\u00e3o de um grupo de radioamadores num restaurante de Sines para organiza\u00e7\u00e3o e operacionaliza\u00e7\u00e3o do Projecto Bartolomeu Dias do qual constava uma proposta de associativismo a m\u00e9dio prazo.<\/td>\n<\/tr>\n<tr class=\"row-3\">\n\t<td class=\"column-1\"><\/td><td class=\"column-2\">Dinamiza\u00e7\u00e3o da ideia de uma associa\u00e7\u00e3o que agrupasse os radioamadores dos cinco Concelhos do litoral da Prov\u00edncia do Alentejo proposta pelo s\u00f3cio n\u00ba1 Fernando Dinis Silva ( CT1DZ ), no seguimento de uma necessidade justificada e h\u00e1 muito defendida por aquele radioamador.<\/td>\n<\/tr>\n<tr class=\"row-4\">\n\t<td class=\"column-1\">12.07.1999<\/td><td class=\"column-2\">Reuni\u00e3o do 1\u00ba col\u00e9gio de radioamadores no Sal\u00e3o Nobre da C\u00e2mara Municipal de Santiago do Cac\u00e9m para deliberarem sobre v\u00e1rios assuntos relacionados com a cria\u00e7\u00e3o da futura associa\u00e7\u00e3o.<\/td>\n<\/tr>\n<tr class=\"row-5\">\n\t<td class=\"column-1\">18.03.2000<\/td><td class=\"column-2\">1\u00aa Assembleia Geral de S\u00f3cios ( ano 2000 ) nas instala\u00e7\u00f5es da Sociedade Harmonia em Santiago do Cac\u00e9m, para constitui\u00e7\u00e3o da Comiss\u00e3o Instaladora e arranque formal dos trabalhos de constitui\u00e7\u00e3o e organiza\u00e7\u00e3o da Associa\u00e7\u00e3o de Radioamadores\u00a0 do Litoral Alentejano, nomeadamente a aprova\u00e7\u00e3o dos primeiros Estatutos e Regulamentos Internos.<\/td>\n<\/tr>\n<tr class=\"row-6\">\n\t<td class=\"column-1\">01.04.2000<\/td><td class=\"column-2\">1\u00aa Reuni\u00e3o do Col\u00e9gio de S\u00f3cios Efectivos com o fim de oficializar formalmente a constitui\u00e7\u00e3o da A.R.L.A. atrav\u00e9s de uma Assembleia Geral Extraordin\u00e1ria.<\/td>\n<\/tr>\n<tr class=\"row-7\">\n\t<td class=\"column-1\">01.04.2000<\/td><td class=\"column-2\">Inaugura\u00e7\u00e3o das instala\u00e7\u00f5es da 1\u00aa sede na Rua Dr. Francisco Beja da Costa em Santiago do Cac\u00e9m.<\/td>\n<\/tr>\n<tr class=\"row-8\">\n\t<td class=\"column-1\">19.08.2000<\/td><td class=\"column-2\">2\u00aa Assembleia Geral de S\u00f3cios Extraordin\u00e1ria da A.R.L.A. com o fim de terminar o mandato da Comiss\u00e3o Instaladora, de se inciarem os trabalhos no \u00e2mbito da Coordena\u00e7\u00e3o Local de Radioamadores para as quest\u00f5es relacionadas com a Protec\u00e7\u00e3o Civil e formaliza\u00e7\u00e3o do mecanismo de reuni\u00f5es mensais do Col\u00e9gio de S\u00f3cios Efectivos.<\/td>\n<\/tr>\n<tr class=\"row-9\">\n\t<td class=\"column-1\">19.08.2000<\/td><td class=\"column-2\">Cria\u00e7\u00e3o do N\u00facleo de s\u00f3cios da A.R.L.A. da cidade de Set\u00fabal e respectivo Concelho.<\/td>\n<\/tr>\n<tr class=\"row-10\">\n\t<td class=\"column-1\">19.08.2000<\/td><td class=\"column-2\">Cria\u00e7\u00e3o da primeira Sec\u00e7\u00e3o T\u00e9cnica Tem\u00e1tica da A.R.L.A. para Expedi\u00e7\u00f5es de Radiocomunica\u00e7\u00f5es.<\/td>\n<\/tr>\n<tr class=\"row-11\">\n\t<td class=\"column-1\">01.09.2000<\/td><td class=\"column-2\">Publica\u00e7\u00e3o da 1\u00aa edi\u00e7\u00e3o do Boletim Informativo Mensal da A.R.L.A.<\/td>\n<\/tr>\n<tr class=\"row-12\">\n\t<td class=\"column-1\">15.09.2000<\/td><td class=\"column-2\">Licenciamento da esta\u00e7\u00e3o repetidora de VHF R0X para a A.R.L.A. pelo I.C.P.<\/td>\n<\/tr>\n<tr class=\"row-13\">\n\t<td class=\"column-1\">21.10.2000<\/td><td class=\"column-2\">Participa\u00e7\u00e3o da A.R.L.A. no 43\u00ba \" Jamboree no Ar \" em parceria com a Junta Regional de Beja do Corpo Nacional de Escuteiros.<\/td>\n<\/tr>\n<tr class=\"row-14\">\n\t<td class=\"column-1\">28.10.2000<\/td><td class=\"column-2\">1\u00aa Expedi\u00e7\u00e3o T\u00e9cnica de Radiocomunica\u00e7\u00f5es da A.R.L.A. dedicada \u00e0 constru\u00e7\u00e3o colectiva e posterior afina\u00e7\u00e3o com ensaio de uma antena multibanda para ondas decam\u00e9tricas ( HF ) em Vila Nova de Santo Andr\u00e9.<\/td>\n<\/tr>\n<tr class=\"row-15\">\n\t<td class=\"column-1\">28.10.2000<\/td><td class=\"column-2\">Aprova\u00e7\u00e3o do Plano de Comunica\u00e7\u00f5es de Emerg\u00eancia da A.R.L.A. em reuni\u00e3o do Col\u00e9gio de S\u00f3cios Efectivos.<\/td>\n<\/tr>\n<tr class=\"row-16\">\n\t<td class=\"column-1\">13.01.2001<\/td><td class=\"column-2\">1\u00aa Expedi\u00e7\u00e3o de Comunica\u00e7\u00f5es da A.R.L.A. localizada na Praia do Monte Velho ( 38\u00ba04.83 N \/ 08\u00ba48.25 W ). Esta opera\u00e7\u00e3o foi dedicada \u00e0 coordena\u00e7\u00e3o de radioamadores em eventos desta natureza, tendo constitu\u00eddo um primeiro teste \u00e0s condi\u00e7\u00f5es t\u00e9cnicas das esta\u00e7\u00f5es e prepara\u00e7\u00e3o dos participantes para problemas log\u00edsticos relacionados com este tipo de actividade.<\/td>\n<\/tr>\n<tr class=\"row-17\">\n\t<td class=\"column-1\">27.01.2001<\/td><td class=\"column-2\">Cria\u00e7\u00e3o da segunda Sec\u00e7\u00e3o T\u00e9cnica Tem\u00e1tica da A.R.L.A. para Comunica\u00e7\u00f5es Espaciais no \u00e2mbito do Servi\u00e7o de Amador e Servi\u00e7o de Amador por Sat\u00e9lite.<\/td>\n<\/tr>\n<tr class=\"row-18\">\n\t<td class=\"column-1\">25.02.2001<\/td><td class=\"column-2\">2\u00aa Expedi\u00e7\u00e3o T\u00e9cnica e de Comunica\u00e7\u00f5es da A.R.L.A. localizada em simult\u00e2neo em Sines ( 37\u00ba57.00 N \/ 08\u00ba51.37 W ) e na barragem do Monte da Rocha ( 37\u00ba.43.93 N \/ 08\u00ba17.02 W ). Esta opera\u00e7\u00e3o foi dedicada \u00e0 constru\u00e7\u00e3o, afina\u00e7\u00e3o e ensaio de v\u00e1rias antena multibanda para ondas curtas ( HF ) e aos primeiros testes na faixa dos 160 metros dos s\u00f3cios da A.R.L.A.<\/td>\n<\/tr>\n<tr class=\"row-19\">\n\t<td class=\"column-1\">31.03.2001<\/td><td class=\"column-2\">Assembleia Geral de S\u00f3cios de 2001 nas instala\u00e7\u00f5es da sede da A.R.L.A. em Santiago do Cac\u00e9m.<\/td>\n<\/tr>\n<tr class=\"row-20\">\n\t<td class=\"column-1\">25.03.2001<\/td><td class=\"column-2\">1\u00ba Desafio VHF\/UHF em FM da A.R.L.A. tendo como objectivos tentar estabelecer um primeiro recorde de dist\u00e2ncia de comunica\u00e7\u00f5es em telefonia da associa\u00e7\u00e3o sem ajuda de propaga\u00e7\u00e3o nestas frequ\u00eancias utilizando a modula\u00e7\u00e3o F3E ( FM ) e dinamizar a actividade na banda de UHF.<\/td>\n<\/tr>\n<tr class=\"row-21\">\n\t<td class=\"column-1\">13.05.2001<\/td><td class=\"column-2\">3\u00aa Expedi\u00e7\u00e3o T\u00e9cnica da A.R.L.A. localizada na Lagoa de Santo Andr\u00e9 ( 38\u00ba.06.91 N \/ 08\u00ba47.78 W ). Esta opera\u00e7\u00e3o foi dedicada \u00e0 constru\u00e7\u00e3o, afina\u00e7\u00e3o e ensaio de v\u00e1rias antena\u00a0 para ondas curtas ( HF ) com o objectivo de se preparar a Expedi\u00e7\u00e3o \u00e0 Ilha de Tavira.<\/td>\n<\/tr>\n<tr class=\"row-22\">\n\t<td class=\"column-1\">14.06.2001<\/td><td class=\"column-2\">3\u00aa Expedi\u00e7\u00e3o Comunica\u00e7\u00f5es da A.R.L.A. localizada na Ilha de Tavira ( 37\u00ba06.09 N \/ 07\u00ba37.08 W ) com o indicativo especial CQ1T.<\/td>\n<\/tr>\n<tr class=\"row-23\">\n\t<td class=\"column-1\">29.07.2001<\/td><td class=\"column-2\">Participa\u00e7\u00e3o de uma equipa em representa\u00e7\u00e3o da A.R.L.A. na ac\u00e7\u00e3o de radiolocaliza\u00e7\u00e3o organizada em Alverca.<\/td>\n<\/tr>\n<tr class=\"row-24\">\n\t<td class=\"column-1\">01.08.2001<\/td><td class=\"column-2\">Activa\u00e7\u00e3o da 1\u00aa esta\u00e7\u00e3o repetidora autom\u00e1tica VHF nas frequ\u00eancias\u00a0R0X licenciada\u00a0pela A.R.L.A. situada no Castelo de Santiago do Cac\u00e9m.<\/td>\n<\/tr>\n<tr class=\"row-25\">\n\t<td class=\"column-1\">20.10.2001<\/td><td class=\"column-2\">Participa\u00e7\u00e3o da A.R.L.A. no 44\u00ba \" Jamboree no Ar \" em parceria com a Junta Regional de Beja do Corpo Nacional de Escuteiros com o indicativo especial CT7JRB.<\/td>\n<\/tr>\n<tr class=\"row-26\">\n\t<td class=\"column-1\">29.12.2001<\/td><td class=\"column-2\">4\u00aa Expedi\u00e7\u00e3o Comunica\u00e7\u00f5es da A.R.L.A. localizada no Castelo da Lousa com a primeira activa\u00e7\u00e3o do indicativo da Associa\u00e7\u00e3o CS1RLA\/P.<\/td>\n<\/tr>\n<tr class=\"row-27\">\n\t<td class=\"column-1\">27.01.2002<\/td><td class=\"column-2\">Cria\u00e7\u00e3o da terceira Sec\u00e7\u00e3o T\u00e9cnica Tem\u00e1tica da A.R.L.A. dedicada aos aficcionados da Radioescuta.<\/td>\n<\/tr>\n<tr class=\"row-28\">\n\t<td class=\"column-1\">23.02.2002<\/td><td class=\"column-2\">Assembleia Geral de S\u00f3cios de 2002 nas instala\u00e7\u00f5es da sede da A.R.L.A. em Santiago do Cac\u00e9m.<\/td>\n<\/tr>\n<tr class=\"row-29\">\n\t<td class=\"column-1\">14.04.2002<\/td><td class=\"column-2\">4\u00aa Expedi\u00e7\u00e3o T\u00e9cnica de Radiocomunica\u00e7\u00f5es da A.R.L.A. localizada no Cabo de Sines, Cabo Raso e arredores de Palmela dedicada \u00e0 faixa dos 160 metros.<\/td>\n<\/tr>\n<tr class=\"row-30\">\n\t<td class=\"column-1\">25.04.2002<\/td><td class=\"column-2\">5\u00aa Expedi\u00e7\u00e3o T\u00e9cnica de Radiocomunica\u00e7\u00f5es da A.R.L.A. localizada na Aldeia dos Ch\u00e3os ( 38\u00ba.00.87 N \/ 08\u00ba41.72 W ), dedicada ao Servi\u00e7o de Amador por Sat\u00e9lite.<\/td>\n<\/tr>\n<tr class=\"row-31\">\n\t<td class=\"column-1\">26.05.2002<\/td><td class=\"column-2\">1\u00aa Radiolocaliza\u00e7\u00e3o da Sec\u00e7\u00e3o T\u00e9cnica de Comunica\u00e7\u00f5es Espacias realizada no Concelho de Santiago do Cac\u00e9m.<\/td>\n<\/tr>\n<tr class=\"row-32\">\n\t<td class=\"column-1\">06.06.2002<\/td><td class=\"column-2\">Reuni\u00e3o de uma delega\u00e7\u00e3o da A.R.L.A. e de representantes de outras Associa\u00e7\u00f5es cong\u00e9neres com o Servi\u00e7o Nacional de Protec\u00e7\u00e3o Civil sob o tema \" Rela\u00e7\u00f5es entre o Servi\u00e7o Nacional de Protec\u00e7\u00e3o civil e as Associa\u00e7\u00f5es de Radioamadores \".<\/td>\n<\/tr>\n<tr class=\"row-33\">\n\t<td class=\"column-1\">15.06.2002<\/td><td class=\"column-2\">5\u00aa Expedi\u00e7\u00e3o Comunica\u00e7\u00f5es da A.R.L.A. localizada no Cabo da Roca com a segunda activa\u00e7\u00e3o do indicativo da Associa\u00e7\u00e3o CS1RLA\/P.<\/td>\n<\/tr>\n<tr class=\"row-34\">\n\t<td class=\"column-1\">05.10.2002<\/td><td class=\"column-2\">1\u00ba Exerc\u00edcio de operacionalidade da Coordena\u00e7\u00e3o local de Radioamadores para as quest\u00f5es relacionadas com a Protec\u00e7\u00e3o Civil da A.R.L.A. realizado nos Concelhos de Alc\u00e1cer do Sal, Sines, Santiago do Cac\u00e9m e Gr\u00e2ndola.<\/td>\n<\/tr>\n<tr class=\"row-35\">\n\t<td class=\"column-1\">23.11.2002<\/td><td class=\"column-2\">1\u00ba Encontro t\u00e9cnico sobre Radiocomunica\u00e7\u00f5es espaciais no Servi\u00e7o de Amador da A.R.L.A. na Biblioteca Municipal de Santiago do Cac\u00e9m.<\/td>\n<\/tr>\n<tr class=\"row-36\">\n\t<td class=\"column-1\">30.11.2002<\/td><td class=\"column-2\">Participa\u00e7\u00e3o da A.R.L.A. no 1\u00ba Exerc\u00edcio Nacional de Comunica\u00e7\u00f5es de Emerg\u00eancia \" SIGEX 2002 \" com uma esta\u00e7\u00e3o coordenadora Distrital em Set\u00fabal e uma pequena rede de esta\u00e7\u00f5es que incluiu uma esta\u00e7\u00e3o repetidora tempor\u00e1ria na Serra da Arr\u00e1bida.<\/td>\n<\/tr>\n<tr class=\"row-37\">\n\t<td class=\"column-1\">04.01.2003<\/td><td class=\"column-2\">1\u00ba Ensaio de radiodifus\u00e3o a partir de um substrato digital do Boletim Informativo Mensal da A.R.L.A.<\/td>\n<\/tr>\n<tr class=\"row-38\">\n\t<td class=\"column-1\">08.02.2003<\/td><td class=\"column-2\">Assembleia Geral Ordin\u00e1ria de 2003 nas instala\u00e7\u00f5es da sede da A.R.L.A. em Santiago do Cac\u00e9m.<\/td>\n<\/tr>\n<tr class=\"row-39\">\n\t<td class=\"column-1\">15.03.2003<\/td><td class=\"column-2\">1\u00aa Assembleia Geral Extraordin\u00e1ria de 2003 nas instala\u00e7\u00f5es da sede da A.R.L.A. em Santiago do Cac\u00e9m.<\/td>\n<\/tr>\n<tr class=\"row-40\">\n\t<td class=\"column-1\">05.04.2003<\/td><td class=\"column-2\">Mudan\u00e7a da sede da A.R.L.A. para novas instala\u00e7\u00f5es no antigo Col\u00e9gio de S. Jos\u00e9 em Santiago do Cac\u00e9m.<\/td>\n<\/tr>\n<tr class=\"row-41\">\n\t<td class=\"column-1\">06.04.2003<\/td><td class=\"column-2\">7\u00aa Expedi\u00e7\u00e3o T\u00e9cnica de Radiocomunica\u00e7\u00f5es da A.R.L.A. localizada no Cabo de Sines, Almada, e arredores de Peniche dedicada \u00e0s faixas dos 80 e dos 160 metros.<\/td>\n<\/tr>\n<tr class=\"row-42\">\n\t<td class=\"column-1\">26.04.2003<\/td><td class=\"column-2\">2\u00aa Radiolocaliza\u00e7\u00e3o da Sec\u00e7\u00e3o T\u00e9cnica de Comunica\u00e7\u00f5es Espacias realizada no Concelho de Sines.<\/td>\n<\/tr>\n<tr class=\"row-43\">\n\t<td class=\"column-1\">21.06.2003<\/td><td class=\"column-2\">8\u00aa expedi\u00e7\u00e3o T\u00e9cnica de Radiocomunica\u00e7\u00f5es da A.R.L.A. localizada na Aldeia dos Ch\u00e3os ( 38\u00ba.00.87 N \/ 08\u00ba41.72 W ), dedicada ao Servi\u00e7o de Amador por Sat\u00e9lite.<\/td>\n<\/tr>\n<tr class=\"row-44\">\n\t<td class=\"column-1\">17.05.2003<\/td><td class=\"column-2\">Cria\u00e7\u00e3o da quarta Sec\u00e7\u00e3o T\u00e9cnica Tem\u00e1tica da A.R.L.A. dedicada \u00e0s Comunica\u00e7\u00f5es Digitais no \u00e2mbito do Servi\u00e7o de Amador.<\/td>\n<\/tr>\n<tr class=\"row-45\">\n\t<td class=\"column-1\">12.07.2003<\/td><td class=\"column-2\">2\u00aa Assembleia Geral Extraordin\u00e1ria de 2003 nas instala\u00e7\u00f5es da sede da A.R.L.A. em Santiago do Cac\u00e9m.<\/td>\n<\/tr>\n<tr class=\"row-46\">\n\t<td class=\"column-1\">12.07.2003<\/td><td class=\"column-2\">1\u00aa Reuni\u00e3o do Col\u00e9gio de S\u00f3cios Efectivos ap\u00f3s reactiva\u00e7\u00e3o desta tradi\u00e7\u00e3o.<\/td>\n<\/tr>\n<tr class=\"row-47\">\n\t<td class=\"column-1\">26.07.2003<\/td><td class=\"column-2\">Festa simb\u00f3lica de inaugura\u00e7\u00e3o da nova sede no antigo Col\u00e9gio de S. Jos\u00e9 e 1\u00ba Encontro T\u00e9cnico sobre Radiocomunica\u00e7\u00f5es Digitais no Servi\u00e7o de Amador da A.R.L.A.<\/td>\n<\/tr>\n<tr class=\"row-48\">\n\t<td class=\"column-1\">23.08.2003<\/td><td class=\"column-2\">2\u00ba Exerc\u00edcio de operacionalidade da Coordena\u00e7\u00e3o local de Radioamadores para as quest\u00f5es relacionadas com a Protec\u00e7\u00e3o Civil da A.R.L.A. realizado a partir do Concelho de Santiago do Cac\u00e9m.<\/td>\n<\/tr>\n<tr class=\"row-49\">\n\t<td class=\"column-1\">13.09.2003<\/td><td class=\"column-2\">1\u00ba Encontro t\u00e9cnico sobre Protec\u00e7\u00e3o Civil e as radiocomunica\u00e7\u00f5es de resposta \u00e0 emerg\u00eancia no Servi\u00e7o de Amador da responsabilidade da coordena\u00e7\u00e3o local de Radioamadores para as quest\u00f5es relacionadas com a Protec\u00e7\u00e3o Civil realizado na Biblioteca Municipal de Santiago do Cac\u00e9m.<\/td>\n<\/tr>\n<tr class=\"row-50\">\n\t<td class=\"column-1\">01.11.2003<\/td><td class=\"column-2\">1\u00aa emiss\u00e3o da vers\u00e3o radiodifundida do Boletim Informativo Mensal da A.R.L.A. em televis\u00e3o do Servi\u00e7o de Amador, via repetidor CT0TVS na Serra da Arr\u00e1bida.<\/td>\n<\/tr>\n<tr class=\"row-51\">\n\t<td class=\"column-1\">15.11.2003<\/td><td class=\"column-2\">Simulacro de Protec\u00e7\u00e3o Civil 2003 da responsabilidade da Coordena\u00e7\u00e3o Local de Radioamadores para as quest\u00f5es relacionadas com a Protec\u00e7\u00e3o Civil.<\/td>\n<\/tr>\n<tr class=\"row-52\">\n\t<td class=\"column-1\">28.11.2003<\/td><td class=\"column-2\">1\u00ba Boletim de DX da responsabilidade da Sec\u00e7\u00e3o T\u00e9cnica Tem\u00e1tica de Radioescuta ( Boletim STTR-ARLA ).<\/td>\n<\/tr>\n<tr class=\"row-53\">\n\t<td class=\"column-1\">13.12.2003<\/td><td class=\"column-2\">Participa\u00e7\u00e3o da A.R.L.A. no 2\u00ba Exerc\u00edcio Nacional de Comunica\u00e7\u00f5es de Emerg\u00eancia \" SIGEX 2003 \" com uma esta\u00e7\u00e3o coordenadora Distrital no CDOS do Distrito de Set\u00fabal em Palmela e uma pequena rede de esta\u00e7\u00f5es que incluiu uma esta\u00e7\u00e3o repetidora tempor\u00e1ria na Serra da Arr\u00e1bida, outra em Santiago do Cac\u00e9m e ainda uma esta\u00e7\u00e3o de recurso de HF tamb\u00e9m localizada na Serra da Arr\u00e1bida.<\/td>\n<\/tr>\n<tr class=\"row-54\">\n\t<td class=\"column-1\">07.02.2004<\/td><td class=\"column-2\">Assembleia Geral Ordin\u00e1ria de 2004 nas instala\u00e7\u00f5es da sede da A.R.L.A. em Santiago do Cac\u00e9m.<\/td>\n<\/tr>\n<tr class=\"row-55\">\n\t<td class=\"column-1\">07.02.2004<\/td><td class=\"column-2\">Cria\u00e7\u00e3o do N\u00facleo de s\u00f3cios da A.R.L.A. Costa Azul abrangendo os Concelhos de Alcochete, Almada, Barreiro, Moita, Montijo, Palmela, Seixal e Sesimbra.<\/td>\n<\/tr>\n<tr class=\"row-56\">\n\t<td class=\"column-1\">28.02.2004<\/td><td class=\"column-2\">Organiza\u00e7\u00e3o de uma esta\u00e7\u00e3o especial de emiss\u00e3o recep\u00e7\u00e3o instalada no edif\u00edcio do Cerro da In\u00eas, em Santiago do Cac\u00e9m, para a participa\u00e7\u00e3o no concurso mundial da faixa dos 160 metros organizado pela revista CQ em telefonia ( SSB ).<\/td>\n<\/tr>\n<tr class=\"row-57\">\n\t<td class=\"column-1\">20.03.2004<\/td><td class=\"column-2\">3\u00aa Radiolocaliza\u00e7\u00e3o da Sec\u00e7\u00e3o T\u00e9cnica de Comunica\u00e7\u00f5es Espacias realizada no Concelho de Gr\u00e2ndola.<\/td>\n<\/tr>\n<tr class=\"row-58\">\n\t<td class=\"column-1\">03.04.2004<\/td><td class=\"column-2\">1\u00aa transmiss\u00e3o da vers\u00e3o radiodifundida do Boletim Informativo mensal da A.R.L.A. com possibilidade de escuta em tempo real via Internet atrav\u00e9s do sistema \" webcasting \" na liga\u00e7\u00e3o\u00a0http:\/\/arla.radio-amador.net\/webcasting.htm<\/td>\n<\/tr>\n<tr class=\"row-59\">\n\t<td class=\"column-1\">29.03.2004<\/td><td class=\"column-2\">Assinatura de um Protocolo entre a A.R.L.A. e a C\u00e2mara Municipal de Santiago do Cac\u00e9m na abertura da sess\u00e3o de apresenta\u00e7\u00e3o do Plano Municipal de Emerg\u00eancia. Este Protocolo destinou-se a regular e oficializar a instala\u00e7\u00e3o de um contentor de comunica\u00e7\u00f5es e de uma torre recentemente doados \u00e0 Associa\u00e7\u00e3o de Radioamadores do Litoral Alentejano em terrenos cedidos pela C\u00e2mara para esse fim no ponto mais elevado de todo o Concelho situados na Aldeia de Ch\u00e3os.<\/td>\n<\/tr>\n<tr class=\"row-60\">\n\t<td class=\"column-1\">17.04.2004<\/td><td class=\"column-2\">Participa\u00e7\u00e3o no Semin\u00e1rio \" A Protec\u00e7\u00e3o Civil e os Radioamadores \" realizada na Figueira da Foz. O s\u00f3cio n\u00ba5, Miguel Andrade, ( CT1ETL ) foi o orador do tema \"\u00a0Os Radioamadores e a sua actua\u00e7\u00e3o no Futuro Plano Nacional\u00a0de Emerg\u00eancia \" em representa\u00e7\u00e3o do Distrito de Set\u00fabal.<\/td>\n<\/tr>\n<tr class=\"row-61\">\n\t<td class=\"column-1\">17.04.2004<\/td><td class=\"column-2\">Assinatura de um Protocolo entre a A.R.L.A. e o S.N.B.P.C. No compromisso assumido atrav\u00e9s deste protocolo a Associa\u00e7\u00e3o v\u00e3o contribuir para o restabelecimento e robustecimento das comunica\u00e7\u00f5es de emerg\u00eancia se tal for solicitado pelo S.N.B.P.C. dentro das suas possibilidades e meios dispon\u00edveis.<\/td>\n<\/tr>\n<tr class=\"row-62\">\n\t<td class=\"column-1\">21.04.2004<\/td><td class=\"column-2\">Coloca\u00e7\u00e3o do contentor de comunica\u00e7\u00f5es na Aldeia de Ch\u00e3os.<\/td>\n<\/tr>\n<tr class=\"row-63\">\n\t<td class=\"column-1\">15.05.2004<\/td><td class=\"column-2\">Participa\u00e7\u00e3o da A.R.L.A. no 3\u00ba Exerc\u00edcio Nacional de Comunica\u00e7\u00f5es de Emerg\u00eancia \" SIGEX 2004 \" com uma esta\u00e7\u00e3o coordenadora Distrital no CDOS do Distrito de Set\u00fabal em Palmela e uma pequena rede de esta\u00e7\u00f5es que incluiu uma esta\u00e7\u00e3o repetidora tempor\u00e1ria na Serra da Arr\u00e1bida, uma esta\u00e7\u00e3o repetidora tempor\u00e1ria na Aldeia de Ch\u00e3os e uma esta\u00e7\u00e3o na sede em Santiago do Cac\u00e9m.<\/td>\n<\/tr>\n<tr class=\"row-64\">\n\t<td class=\"column-1\">22.05.2004<\/td><td class=\"column-2\">In\u00edcio do servi\u00e7o telef\u00f3nico da A.R.L.A.<\/td>\n<\/tr>\n<tr class=\"row-65\">\n\t<td class=\"column-1\">26.06.2004<\/td><td class=\"column-2\">1\u00ba Concurso de UHF da A.R.L.A. homenageando o Concelho de Santiago do Cac\u00e9m<\/td>\n<\/tr>\n<tr class=\"row-66\">\n\t<td class=\"column-1\">lapso<\/td><td class=\"column-2\"><\/td>\n<\/tr>\n<tr class=\"row-67\">\n\t<td class=\"column-1\">19.06.2007<\/td><td class=\"column-2\">A A.R.L.A. \u00e9 reconhecida oficialmente como parceiro no site www.qrz.com<\/td>\n<\/tr>\n<tr class=\"row-68\">\n\t<td class=\"column-1\">05.05.2009<\/td><td class=\"column-2\">Participa\u00e7\u00e3o da A.R.L.A no Exerc\u00edcio PTQUAKE09 da Autoridade Nacional de Prote\u00e7\u00e3o Civil<\/td>\n<\/tr>\n<tr class=\"row-69\">\n\t<td class=\"column-1\">11.09.2010<\/td><td class=\"column-2\">Participa\u00e7\u00e3o da A.R.L.A na 1.\u00aa Reuni\u00e3o Inter-Associa\u00e7\u00f5es realizada em Leiria<\/td>\n<\/tr>\n<tr class=\"row-70\">\n\t<td class=\"column-1\">19.09.2010<\/td><td class=\"column-2\">A.R.L.A. promove a Festa da Amplitude Modulada (AM)<\/td>\n<\/tr>\n<tr class=\"row-71\">\n\t<td class=\"column-1\">09.10.2010<\/td><td class=\"column-2\">Activa\u00e7\u00e3o do Farol de Sines<\/td>\n<\/tr>\n<tr class=\"row-72\">\n\t<td class=\"column-1\">13.11.2010<\/td><td class=\"column-2\">Participa\u00e7\u00e3o da A.R.L.A na 2.\u00aa Reuni\u00e3o Inter-Associa\u00e7\u00f5es realizada na Marinha Grande<\/td>\n<\/tr>\n<tr class=\"row-73\">\n\t<td class=\"column-1\">04.02.2012<\/td><td class=\"column-2\">In\u00edcio das emiss\u00f5es de SSTV nas esta\u00e7\u00f5es repetidoras anal\u00f3gicas da Serra da Arr\u00e1bida<\/td>\n<\/tr>\n<tr class=\"row-74\">\n\t<td class=\"column-1\">03.11.2012<\/td><td class=\"column-2\">A.R.L.A. promove o Dia Nacional do AM<\/td>\n<\/tr>\n<tr class=\"row-75\">\n\t<td class=\"column-1\"><\/td><td class=\"column-2\">(conte\u00fado em atualiza\u00e7\u00e3o)<\/td>\n<\/tr>\n<\/tbody>\n<\/table>\n<!-- #tablepress-5 from cache -->\n","protected":false},"excerpt":{"rendered":"<p>Historial sum\u00e1rio das principais actividades e acontecimentos da A.R.L.A. (1999 &#8211; presente)<\/p>\n","protected":false},"author":1,"featured_media":0,"parent":0,"menu_order":3,"comment_status":"closed","ping_status":"closed","template":"","meta":{"footnotes":""},"class_list":["post-155","page","type-page","status-publish","hentry"],"_links":{"self":[{"href":"https:\/\/www.cs5arla.pt\/site\/wp-json\/wp\/v2\/pages\/155","targetHints":{"allow":["GET"]}}],"collection":[{"href":"https:\/\/www.cs5arla.pt\/site\/wp-json\/wp\/v2\/pages"}],"about":[{"href":"https:\/\/www.cs5arla.pt\/site\/wp-json\/wp\/v2\/types\/page"}],"author":[{"embeddable":true,"href":"https:\/\/www.cs5arla.pt\/site\/wp-json\/wp\/v2\/users\/1"}],"replies":[{"embeddable":true,"href":"https:\/\/www.cs5arla.pt\/site\/wp-json\/wp\/v2\/comments?post=155"}],"version-history":[{"count":9,"href":"https:\/\/www.cs5arla.pt\/site\/wp-json\/wp\/v2\/pages\/155\/revisions"}],"predecessor-version":[{"id":833,"href":"https:\/\/www.cs5arla.pt\/site\/wp-json\/wp\/v2\/pages\/155\/revisions\/833"}],"wp:attachment":[{"href":"https:\/\/www.cs5arla.pt\/site\/wp-json\/wp\/v2\/media?parent=155"}],"curies":[{"name":"wp","href":"https:\/\/api.w.org\/{rel}","templated":true}]}}