{"id":448,"date":"2017-08-09T10:32:24","date_gmt":"2017-08-09T10:32:24","guid":{"rendered":"https:\/\/cs5arla.com\/site\/?page_id=448"},"modified":"2024-04-16T11:42:49","modified_gmt":"2024-04-16T11:42:49","slug":"indices-propagacao","status":"publish","type":"page","link":"https:\/\/www.cs5arla.pt\/site\/indices-propagacao\/","title":{"rendered":"Meteorologia Espacial"},"content":{"rendered":"<p><center><br \/>\n<a><img decoding=\"async\" src=\"http:\/\/www.hamqsl.com\/solarsun.php\" \/><\/a><\/center><center>.<\/center><center><\/center><a><img decoding=\"async\" class=\"aligncenter\" src=\"http:\/\/www.hamqsl.com\/solar101vhf.php\" \/><\/a><\/p>\n<table class=\"aligncenter\" border=\"1\" width=\"600\" cellspacing=\"0\" cellpadding=\"0\" align=\"center\">\n<tbody>\n<tr>\n<td colspan=\"4\" align=\"center\" valign=\"middle\">Vento Solar<\/td>\n<\/tr>\n<tr>\n<td width=\"150\"><img loading=\"lazy\" decoding=\"async\" src=\"http:\/\/mms.rice.edu\/realtime\/sw_density.jpg\" alt=\"No hay datos\" width=\"141\" height=\"161\" align=\"absmiddle\" \/><\/td>\n<td width=\"150\"><img loading=\"lazy\" decoding=\"async\" src=\"http:\/\/mms.rice.edu\/realtime\/sw_speed.jpg\" alt=\"No hay datos\" width=\"141\" height=\"161\" align=\"absmiddle\" \/><\/td>\n<td width=\"150\"><img loading=\"lazy\" decoding=\"async\" src=\"http:\/\/mms.rice.edu\/realtime\/sw_pressure.jpg\" alt=\"No hay datos\" width=\"141\" height=\"161\" align=\"absmiddle\" \/><\/td>\n<td width=\"150\"><img loading=\"lazy\" decoding=\"async\" src=\"http:\/\/mms.rice.edu\/realtime\/temperature.jpg\" alt=\"No hay datos\" width=\"141\" height=\"161\" align=\"absmiddle\" \/><\/td>\n<\/tr>\n<tr>\n<td colspan=\"4\" align=\"center\" valign=\"middle\">Campo magn\u00e9tico interplanet\u00e1rio (IMF) e potencial da ionosfera solar<\/td>\n<\/tr>\n<tr>\n<td><img loading=\"lazy\" decoding=\"async\" src=\"http:\/\/mms.rice.edu\/realtime\/imf_magnitude.jpg\" alt=\"No hay datos\" width=\"141\" height=\"161\" align=\"absmiddle\" \/><\/td>\n<td><img loading=\"lazy\" decoding=\"async\" src=\"http:\/\/mms.rice.edu\/realtime\/imf_clock.jpg\" alt=\"No hay datos\" width=\"141\" height=\"161\" align=\"absmiddle\" \/><\/td>\n<td><img loading=\"lazy\" decoding=\"async\" src=\"http:\/\/mms.rice.edu\/realtime\/imf_azimuth.jpg\" alt=\"No hay datos\" width=\"141\" height=\"161\" \/><\/td>\n<td><img loading=\"lazy\" decoding=\"async\" src=\"http:\/\/mms.rice.edu\/realtime\/convection.jpg\" alt=\"No hay datos\" width=\"141\" height=\"161\" \/><\/td>\n<\/tr>\n<tr>\n<td colspan=\"4\" align=\"center\" valign=\"middle\">\u00daltimos datos de meteorolog\u00eda espacial. Fuente\u00a0Rice University<\/td>\n<\/tr>\n<\/tbody>\n<\/table>\n<p align=\"center\"><img loading=\"lazy\" decoding=\"async\" class=\"aligncenter\" src=\"http:\/\/services.swpc.noaa.gov\/images\/swx-overview-small.gif\" alt=\"No Data\" width=\"640\" height=\"650\" \/><\/p>\n<p style=\"text-align: center;\"><a> Dados: NOAA\/SWPC<\/a><\/p>\n","protected":false},"excerpt":{"rendered":"<p>. Vento Solar Campo magn\u00e9tico interplanet\u00e1rio (IMF) e potencial da ionosfera solar \u00daltimos datos de meteorolog\u00eda espacial. Fuente\u00a0Rice University Dados: NOAA\/SWPC<\/p>\n","protected":false},"author":1,"featured_media":0,"parent":0,"menu_order":3,"comment_status":"closed","ping_status":"closed","template":"","meta":{"footnotes":""},"class_list":["post-448","page","type-page","status-publish","hentry"],"_links":{"self":[{"href":"https:\/\/www.cs5arla.pt\/site\/wp-json\/wp\/v2\/pages\/448","targetHints":{"allow":["GET"]}}],"collection":[{"href":"https:\/\/www.cs5arla.pt\/site\/wp-json\/wp\/v2\/pages"}],"about":[{"href":"https:\/\/www.cs5arla.pt\/site\/wp-json\/wp\/v2\/types\/page"}],"author":[{"embeddable":true,"href":"https:\/\/www.cs5arla.pt\/site\/wp-json\/wp\/v2\/users\/1"}],"replies":[{"embeddable":true,"href":"https:\/\/www.cs5arla.pt\/site\/wp-json\/wp\/v2\/comments?post=448"}],"version-history":[{"count":25,"href":"https:\/\/www.cs5arla.pt\/site\/wp-json\/wp\/v2\/pages\/448\/revisions"}],"predecessor-version":[{"id":476,"href":"https:\/\/www.cs5arla.pt\/site\/wp-json\/wp\/v2\/pages\/448\/revisions\/476"}],"wp:attachment":[{"href":"https:\/\/www.cs5arla.pt\/site\/wp-json\/wp\/v2\/media?parent=448"}],"curies":[{"name":"wp","href":"https:\/\/api.w.org\/{rel}","templated":true}]}}