{"id":53,"date":"2017-04-12T11:59:44","date_gmt":"2017-04-12T11:59:44","guid":{"rendered":"https:\/\/cs5arla.com\/site\/?page_id=53"},"modified":"2024-04-16T11:45:48","modified_gmt":"2024-04-16T11:45:48","slug":"associacao","status":"publish","type":"page","link":"https:\/\/www.cs5arla.pt\/site\/associacao\/","title":{"rendered":"Associa\u00e7\u00e3o"},"content":{"rendered":"<p><a href=\"https:\/\/arla.org.pt\/site\/wp-content\/uploads\/team_ARLA.png\"><img loading=\"lazy\" decoding=\"async\" class=\"aligncenter wp-image-935 size-medium\" src=\"https:\/\/arla.org.pt\/site\/wp-content\/uploads\/team_ARLA-300x300.png\" alt=\"\" width=\"300\" height=\"300\" srcset=\"https:\/\/www.cs5arla.pt\/site\/wp-content\/uploads\/team_ARLA-300x300.png 300w, https:\/\/www.cs5arla.pt\/site\/wp-content\/uploads\/team_ARLA-150x150.png 150w, https:\/\/www.cs5arla.pt\/site\/wp-content\/uploads\/team_ARLA.png 718w\" sizes=\"auto, (max-width: 300px) 100vw, 300px\" \/><\/a><\/p>\n<p>A Associa\u00e7\u00e3o de Radioamadores do Litoral Alentejano (ARLA) \u00e9 uma associa\u00e7\u00e3o de car\u00e1cter cient\u00edfico e t\u00e9cnico, apol\u00edtica e apartid\u00e1ria sem qualquer v\u00ednculo de ordem religiosa, sem fins lucrativos e de dura\u00e7\u00e3o ilimitada.<\/p>\n<p>Embora seja designada como Associa\u00e7\u00e3o de Radioamadores, as suas atividades s\u00e3o perfeitamente extens\u00edveis a pessoas que n\u00e3o sejam ainda licenciadas pela Autoridade Nacional de Comunica\u00e7\u00f5es nem possuam o respetivo Certificado para o Servi\u00e7o de Amador e Amador por Sat\u00e9lite.<\/p>\n<p>Outra vertente desta Associa\u00e7\u00e3o \u00e9 a defesa dos interesses dos seus associados relativos a estas atividades, a forma\u00e7\u00e3o pessoal e a divulga\u00e7\u00e3o do\u00a0Servi\u00e7o de Amador e Amador por Sat\u00e9lite ou radioamadorismo.<\/p>\n<p>Convidamos todos os nossos visitantes a nos ajudarem a atingir os nossos objetivos atrav\u00e9s da sua colabora\u00e7\u00e3o que ser\u00e1 sempre bem vinda e estimada.<\/p>\n<p>Nas p\u00e1ginas seguintes poder\u00e1 saber mais sobre a nossa associa\u00e7\u00e3o, onde estamos, quem somos e como nos organizamos. Se desejar associar-se \u00e0 ARLA, veja <a href=\"..\/ser-associado\">aqui<\/a> como.<\/p>\n<p><strong>Os fins e objetivos da ARLA<\/strong><\/p>\n<p>S\u00e3o fins e objetivos a atingir pela ARLA estabelecidos nos seus Estatutos :<\/p>\n<ul>\n<li>Agrupar e organizar todos aqueles que se dediquem ao estudo e pr\u00e1tica das comunica\u00e7\u00f5es, especialmente as que fazem uso de transmiss\u00e3o, emiss\u00e3o e rece\u00e7\u00e3o de s\u00edmbolos, sinais, escrita, imagens, sons ou informa\u00e7\u00e3o de qualquer natureza, por ondas radioel\u00e9tricas, incluindo os fen\u00f3menos f\u00edsicos de transfer\u00eancia de energia eletromagn\u00e9tica por indu\u00e7\u00e3o no espa\u00e7o, bem como ao de outras atividades afins, em qualquer dos seus aspetos e manifesta\u00e7\u00f5es, promovendo a\u00e7\u00f5es que possibilitem uma continua atualiza\u00e7\u00e3o t\u00e9cnica dos seus associados.<\/li>\n<li>Representar e defender os interesses dos seus associados, junto das autarquias, outras entidades oficiais portuguesas e organismos nacionais e internacionais p\u00fablicos ou privados, nomeadamente no \u00e2mbito das comunica\u00e7\u00f5es e das atividades afins a desenvolver pela Associa\u00e7\u00e3o.<\/li>\n<li>Organizar os seus s\u00f3cios de forma a que se n\u00e3o perturbe a atividade das comunica\u00e7\u00f5es em geral e do Radioamadorismo em particular, permitindo assim um contributo v\u00e1lido para ajudar a manter a qualidade das atua\u00e7\u00f5es das esta\u00e7\u00f5es filiadas, atrav\u00e9s da forma\u00e7\u00e3o dos seus associados nos mais elevados padr\u00f5es t\u00e9cnicos e de cultura c\u00edvica.<\/li>\n<li>Colaborar com as restantes Associa\u00e7\u00f5es afins e com as entidades oficiais na elabora\u00e7\u00e3o dos preceitos legais, bem como no cumprimento por parte dos seus s\u00f3cios desses mesmos preceitos, e das normas internacionais em vigor respeitantes ao exerc\u00edcio das radiocomunica\u00e7\u00f5es e das atividades com elas ligadas.<\/li>\n<li>Fomentar e divulgar progressos t\u00e9cnicos em diferentes dom\u00ednios da ci\u00eancia e das comunica\u00e7\u00f5es em particular, promovendo encontros de Radioamadores e outros interessados, tendo em vista o desenvolvimento das suas rela\u00e7\u00f5es quer no campo t\u00e9cnico quer no campo s\u00f3cio cultural, onde se abordar\u00e3o temas relacionados com as \u00faltimas novidades ou com os sucessos conseguidos com determinadas inova\u00e7\u00f5es.<\/li>\n<li>Criar, instalar e manter, sempre que poss\u00edvel, dispositivos t\u00e9cnicos, de acordo com a legisla\u00e7\u00e3o em vigor, que sirvam de apoio de comunica\u00e7\u00f5es \u00e0s esta\u00e7\u00f5es amadoras, ou prossigam outros fins legalmente permitidos aos utentes com licen\u00e7a v\u00e1lida de Esta\u00e7\u00e3o de Amador Nacional. Partilhar entre os seus associados com o Certificado de Amador Nacional uma esta\u00e7\u00e3o na sede da ARLA caso existam condi\u00e7\u00f5es de ordem t\u00e9cnica e viabilidade para a sua instala\u00e7\u00e3o e manuten\u00e7\u00e3o.<\/li>\n<li>Colaborar com as entidades competentes ao n\u00edvel local, regional e at\u00e9 nacional quando tal se justificar, na \u00e1rea da Prote\u00e7\u00e3o Civil, organizando planos de atua\u00e7\u00e3o dos associados em caso de ocorr\u00eancia e os respetivos exerc\u00edcios de prepara\u00e7\u00e3o, de prontid\u00e3o operacional e treino.<\/li>\n<li>Colaborar com os Radioamadores Nacionais e Estrangeiros, estando aberta a projetos de trabalho dentro dessa atividade que visem, de algum modo, atingir os seus fins.<\/li>\n<li>Promover cursos de forma\u00e7\u00e3o, prioritariamente destinados a associados que tenham como objetivo a prepara\u00e7\u00e3o para o exame de aptid\u00e3o do Certificado de Amador Nacional para\u00a0o Servi\u00e7o de Amador e Amador por Sat\u00e9lite correspondente ou a sua evolu\u00e7\u00e3o para uma categoria superior, dando o apoio t\u00e9cnico poss\u00edvel \u00e0 instala\u00e7\u00e3o e utiliza\u00e7\u00e3o da sua esta\u00e7\u00e3o constitu\u00edda por equipamentos radioel\u00e9tricos e sistemas radiantes de constru\u00e7\u00e3o artesanal.<\/li>\n<li>Manter informados os Associados sobre as atividades da ARLA.<\/li>\n<li>Promover por si s\u00f3 ou em colabora\u00e7\u00e3o com Associa\u00e7\u00f5es cong\u00e9neres nacionais ou estrangeiras, e outros organismos afins, a divulga\u00e7\u00e3o e desenvolvimento das telecomunica\u00e7\u00f5es.<\/li>\n<\/ul>\n<p><strong>A \u00e1rea geogr\u00e1fica de implanta\u00e7\u00e3o da ARLA<\/strong><\/p>\n<p>A Associa\u00e7\u00e3o tem a sua sede em Santiago do Cac\u00e9m, na Rua do Parque 10 (antigo Col\u00e9gio de S. Jos\u00e9), podendo estabelecer Delega\u00e7\u00f5es em qualquer parte dos Concelhos de Gr\u00e2ndola, Alc\u00e1cer do Sal, Santiago do Cac\u00e9m, Sines e Odemira.<\/p>\n<p>A sua \u00e1rea geogr\u00e1fica, onde se procura implantar e que est\u00e1 definida como a sua zona de interven\u00e7\u00e3o \u00e9 o distrito de Set\u00fabal. Paralelamente est\u00e1 tamb\u00e9m regulamentado internamente o estabelecimento de N\u00facleos de S\u00f3cios em qualquer parte do territ\u00f3rio nacional gozando de determinadas regalias equivalentes em certa medida \u00e0s Delega\u00e7\u00f5es.<\/p>\n<p>O Primeiro N\u00facleo a ser estabelecido fora do territ\u00f3rio da \u00e1rea geogr\u00e1fica abrangida pelos Estatutos foi o da cidade de Set\u00fabal abrangendo o respetivo Concelho.<\/p>\n<p>Esta Associa\u00e7\u00e3o constitui-se como um mecanismo de defesa dos interesses dos Radioamadores, sobretudo os que se encontram localizados dos Concelhos da regi\u00e3o do Litoral da Prov\u00edncia do Alentejo e dos seus N\u00facleos de S\u00f3cios, assumindo-se ainda como organiza\u00e7\u00e3o representativa dos seus associados sem preju\u00edzo de anterior trabalho desenvolvido por outras organiza\u00e7\u00f5es com as mesmas compet\u00eancias a funcionarem ou a atuarem nestes mesmos Concelhos, e como tal, colabora com as Associa\u00e7\u00f5es Nacionais, Regionais, Locais e Clubes de Radioamadores nesse sentido.<\/p>\n<p>A ARLA tenta implantar-se como a organiza\u00e7\u00e3o de todos os curiosos ou interessados nos assuntos que constam dos seus fins e objetivos, possuidores ou n\u00e3o de Certificado de Amador Nacional, assim como primordial parceiro dos Servi\u00e7os Municipais para as quest\u00f5es de comunica\u00e7\u00f5es relacionadas com os servi\u00e7os que, nomeadamente as esta\u00e7\u00f5es do Servi\u00e7o de Amador Nacional e da Banda do Cidad\u00e3o suas filiadas, podem proporcionar \u00e0s comunidades nos Concelhos da sua implanta\u00e7\u00e3o.<\/p>\n<p>De toda a forma estes princ\u00edpios consagrados nos seus estatutos n\u00e3o s\u00e3o limitativos em rela\u00e7\u00e3o aos seus associados, j\u00e1 que qualquer pessoa independentemente da \u00e1rea geogr\u00e1fica onde reside se pode tornar membro desta organiza\u00e7\u00e3o.<\/p>\n<p><a href=\"..\/estatutos_arla.pdf\">Estatutos (PDF)<\/a><\/p>\n<p><a href=\"..\/regulamentos_internos.pdf\">Regulamentos internos (PDF)<\/a><\/p>\n","protected":false},"excerpt":{"rendered":"<p>A Associa\u00e7\u00e3o de Radioamadores do Litoral Alentejano (ARLA) \u00e9 uma associa\u00e7\u00e3o de car\u00e1cter cient\u00edfico e t\u00e9cnico, apol\u00edtica e apartid\u00e1ria sem qualquer v\u00ednculo de ordem religiosa, sem fins lucrativos e de dura\u00e7\u00e3o ilimitada. Embora seja designada como Associa\u00e7\u00e3o de Radioamadores, as suas atividades s\u00e3o perfeitamente extens\u00edveis a pessoas que n\u00e3o sejam &hellip;<\/p>\n","protected":false},"author":1,"featured_media":935,"parent":0,"menu_order":0,"comment_status":"closed","ping_status":"closed","template":"","meta":{"footnotes":""},"class_list":["post-53","page","type-page","status-publish","has-post-thumbnail","hentry"],"_links":{"self":[{"href":"https:\/\/www.cs5arla.pt\/site\/wp-json\/wp\/v2\/pages\/53","targetHints":{"allow":["GET"]}}],"collection":[{"href":"https:\/\/www.cs5arla.pt\/site\/wp-json\/wp\/v2\/pages"}],"about":[{"href":"https:\/\/www.cs5arla.pt\/site\/wp-json\/wp\/v2\/types\/page"}],"author":[{"embeddable":true,"href":"https:\/\/www.cs5arla.pt\/site\/wp-json\/wp\/v2\/users\/1"}],"replies":[{"embeddable":true,"href":"https:\/\/www.cs5arla.pt\/site\/wp-json\/wp\/v2\/comments?post=53"}],"version-history":[{"count":20,"href":"https:\/\/www.cs5arla.pt\/site\/wp-json\/wp\/v2\/pages\/53\/revisions"}],"predecessor-version":[{"id":1263,"href":"https:\/\/www.cs5arla.pt\/site\/wp-json\/wp\/v2\/pages\/53\/revisions\/1263"}],"wp:featuredmedia":[{"embeddable":true,"href":"https:\/\/www.cs5arla.pt\/site\/wp-json\/wp\/v2\/media\/935"}],"wp:attachment":[{"href":"https:\/\/www.cs5arla.pt\/site\/wp-json\/wp\/v2\/media?parent=53"}],"curies":[{"name":"wp","href":"https:\/\/api.w.org\/{rel}","templated":true}]}}